{"id":13,"date":"2023-08-18T09:00:00","date_gmt":"2023-08-18T07:00:00","guid":{"rendered":"http:\/\/hlsmdox.cluster028.hosting.ovh.net\/?page_id=13"},"modified":"2026-04-02T11:22:52","modified_gmt":"2026-04-02T09:22:52","slug":"accueil","status":"publish","type":"page","link":"https:\/\/www.chorale-aideo.fr\/","title":{"rendered":""},"content":{"rendered":"\n<div class=\"alignnormal\"><div id=\"metaslider-id-3234\" style=\"width: 100%; margin: 0 auto;\" class=\"ml-slider-3-101-0 metaslider metaslider-flex metaslider-3234 ml-slider has-dots-nav ms-theme-default\" role=\"region\" aria-label=\"diaporama accueil 2024\" data-height=\"600\" data-width=\"1000\">\n    <div id=\"metaslider_container_3234\">\n        <div id=\"metaslider_3234\">\n            <ul class='slides'>\n                <li style=\"display: block; width: 100%;\" class=\"slide-4314 ms-image \" aria-roledescription=\"slide\" data-date=\"2025-01-26 10:19:20\"><img loading=\"lazy\" decoding=\"async\" src=\"https:\/\/www.chorale-aideo.fr\/wp-content\/uploads\/2025\/01\/Tutti-2024-2025-2-pdf-1000x600.jpg\" height=\"600\" width=\"1000\" alt=\"\" class=\"slider-3234 slide-4314 msDefaultImage\" title=\"Tutti-2024-2025-2-pdf\" \/><\/li>\n                <li style=\"display: none; width: 100%;\" class=\"slide-4057 ms-image \" aria-roledescription=\"slide\" data-date=\"2024-06-14 10:12:59\"><img loading=\"lazy\" decoding=\"async\" src=\"https:\/\/www.chorale-aideo.fr\/wp-content\/uploads\/2020\/09\/concert-fundao-640x384.png\" height=\"600\" width=\"1000\" alt=\"\" class=\"slider-3234 slide-4057 msDefaultImage\" title=\"concert fundao\" \/><div class=\"caption-wrap\"><div class=\"caption\">Concert \u00e0 Fund\u00e3o (Portugal) juillet 2016<\/div><\/div><\/li>\n                <li style=\"display: none; width: 100%;\" class=\"slide-4054 ms-image \" aria-roledescription=\"slide\" data-date=\"2024-06-14 10:11:09\"><img loading=\"lazy\" decoding=\"async\" src=\"https:\/\/www.chorale-aideo.fr\/wp-content\/uploads\/2023\/04\/IMG_9324-1000x600.jpg\" height=\"600\" width=\"1000\" alt=\"\" class=\"slider-3234 slide-4054 msDefaultImage\" title=\"IMG_9324\" \/><div class=\"caption-wrap\"><div class=\"caption\"><div>Eglise St Fran\u00e7ois d'H\u00e9rouville<\/div><\/div><\/div><\/li>\n                <li style=\"display: none; width: 100%;\" class=\"slide-4059 ms-image \" aria-roledescription=\"slide\" data-date=\"2024-06-14 10:14:17\"><img loading=\"lazy\" decoding=\"async\" src=\"https:\/\/www.chorale-aideo.fr\/wp-content\/uploads\/2020\/08\/2020-06-02-R\u00e9p\u00e9tition-au-jardin1-1000x600.jpg\" height=\"600\" width=\"1000\" alt=\"\" class=\"slider-3234 slide-4059 msDefaultImage\" title=\"2020-06-02-R\u00e9p\u00e9tition-au-jardin1\" \/><div class=\"caption-wrap\"><div class=\"caption\"><div>R\u00e9p\u00e9tition par temps de CoVid<\/div><\/div><\/div><\/li>\n                <li style=\"display: none; width: 100%;\" class=\"slide-4060 ms-image \" aria-roledescription=\"slide\" data-date=\"2024-06-14 10:14:17\"><img loading=\"lazy\" decoding=\"async\" src=\"https:\/\/www.chorale-aideo.fr\/wp-content\/uploads\/2020\/08\/2017-09-03-f\u00eate-des-associations2-scaled-1000x600.jpeg\" height=\"600\" width=\"1000\" alt=\"\" class=\"slider-3234 slide-4060 msDefaultImage\" title=\"SONY DSC\" \/><div class=\"caption-wrap\"><div class=\"caption\">F\u00eate des Associations \u00e0 H\u00e9rouville Saint Clair\nle 3 septembre 2017<\/div><\/div><\/li>\n                <li style=\"display: none; width: 100%;\" class=\"slide-4058 ms-image \" aria-roledescription=\"slide\" data-date=\"2024-06-14 10:13:20\"><img loading=\"lazy\" decoding=\"async\" src=\"https:\/\/www.chorale-aideo.fr\/wp-content\/uploads\/2020\/09\/concert-soalheira-1000x600.jpg\" height=\"600\" width=\"1000\" alt=\"\" class=\"slider-3234 slide-4058 msDefaultImage\" title=\"concert soalheira\" \/><div class=\"caption-wrap\"><div class=\"caption\">Ensemble avec le Grupo Coral de Soalheira (Portugal) juillet 2016<\/div><\/div><\/li>\n                <li style=\"display: none; width: 100%;\" class=\"slide-4284 ms-image \" aria-roledescription=\"slide\" data-date=\"2024-12-07 15:25:32\"><img loading=\"lazy\" decoding=\"async\" src=\"https:\/\/www.chorale-aideo.fr\/wp-content\/uploads\/2024\/12\/20240622-scaled-1000x600.jpg\" height=\"600\" width=\"1000\" alt=\"\" class=\"slider-3234 slide-4284 msDefaultImage\" title=\"20240622\" \/><div class=\"caption-wrap\"><div class=\"caption\">On joue avec les ch\u00e8ches...<\/div><\/div><\/li>\n                <li style=\"display: none; width: 100%;\" class=\"slide-4381 ms-image \" aria-roledescription=\"slide\" data-date=\"2025-03-12 15:15:44\"><img loading=\"lazy\" decoding=\"async\" src=\"https:\/\/www.chorale-aideo.fr\/wp-content\/uploads\/2025\/03\/P1090995-scaled-1000x600.jpg\" height=\"600\" width=\"1000\" alt=\"\" class=\"slider-3234 slide-4381 msDefaultImage\" title=\"P1090995\" \/><div class=\"caption-wrap\"><div class=\"caption\">Stage \u00e0 Asnelles 2025<\/div><\/div><\/li>\n                <li style=\"display: none; width: 100%;\" class=\"slide-4380 ms-image \" aria-roledescription=\"slide\" data-date=\"2025-03-12 15:15:23\"><img loading=\"lazy\" decoding=\"async\" src=\"https:\/\/www.chorale-aideo.fr\/wp-content\/uploads\/2025\/03\/P1090986-scaled-1000x600.jpg\" height=\"600\" width=\"1000\" alt=\"\" class=\"slider-3234 slide-4380 msDefaultImage\" title=\"P1090986\" \/><div class=\"caption-wrap\"><div class=\"caption\">Stage \u00e0 Asnelles mars 2025<\/div><\/div><\/li>\n                <li style=\"display: none; width: 100%;\" class=\"slide-4285 ms-image \" aria-roledescription=\"slide\" data-date=\"2024-12-07 15:26:52\"><img loading=\"lazy\" decoding=\"async\" src=\"https:\/\/www.chorale-aideo.fr\/wp-content\/uploads\/2024\/12\/20240621-scaled-1000x600.jpg\" height=\"600\" width=\"1000\" alt=\"\" class=\"slider-3234 slide-4285 msDefaultImage\" title=\"20240621\" \/><div class=\"caption-wrap\"><div class=\"caption\">F\u00eate de la musique 2024 au Temple<\/div><\/div><\/li>\n                <li style=\"display: none; width: 100%;\" class=\"slide-4928 ms-image \" aria-roledescription=\"slide\" data-date=\"2025-12-17 14:49:27\"><img loading=\"lazy\" decoding=\"async\" src=\"https:\/\/www.chorale-aideo.fr\/wp-content\/uploads\/2025\/12\/Plus-fort-CA-2-1000x600.jpg\" height=\"600\" width=\"1000\" alt=\"\" class=\"slider-3234 slide-4928 msDefaultImage\" title=\"Plus fort CA 2\" \/><div class=\"caption-wrap\"><div class=\"caption\"><div>On sait aussi s'amuser...<\/div><\/div><\/div><\/li>\n            <\/ul>\n        <\/div>\n        \n    <\/div>\n<\/div><\/div>\n\n\n\n<figure class=\"wp-block-audio\"><audio controls src=\"http:\/\/hlsmdox.cluster028.hosting.ovh.net\/wp-content\/uploads\/2020\/08\/03laballadeirlandaise.mp3\"><\/audio><figcaption class=\"wp-element-caption\"><mark style=\"background-color:rgba(0, 0, 0, 0);color:#f73ec6\" class=\"has-inline-color\">LA BALLADE NORD-IRLANDAISE<br>Adaptation fran\u00e7aise : Renaud SECHAN sur les motifs du titre traditionnel irlandais &#8220;Water is deep&#8221; arrang\u00e9 par Pete BRIQUETTE; Harmonisation pour ch\u0153ur \u00e0 3 voix mixtes : Thierry MORIN; Cornemuse : Franck LERMIER<\/mark><\/figcaption><\/figure>\n\n\n\n<p><\/p>\n\n\n\n<p class=\"has-text-align-center has-text-color\" style=\"color:#202cdc;font-size:24px\"><\/p>\n\n\n\n<div class=\"wp-block-group\"><div class=\"wp-block-group__inner-container is-layout-flow wp-block-group-is-layout-flow\">\n<h1><strong><span style=\"color: #0369a3;\">A\u00efdeo<\/span><\/strong> vous attend \u00e0 la f\u00eate de la musique 2026 !<\/h1>\n<h1 style=\"text-align: center;\">A bient\u00f4t<\/h1>\n\n\n\n<p class=\"has-text-align-left has-black-color has-text-color\"><\/p>\n\n\n\n<p class=\"has-text-color\" style=\"color:#0717f6;font-size:17px\"><em>A\u00efdeo ? &#8220;le plaisir de chanter en ch\u0153ur&#8221; en fran\u00e7ais moderne<\/em><\/p>\n\n\n\n<p class=\"has-text-color\" style=\"color:#048f0d\">Le ch\u0153ur <em>A\u00efdeo est soutenu par la ville d&#8217;H\u00e9rouville Saint Clair<\/em><\/p>\n<\/div><\/div>\n\n\n\n<figure class=\"wp-block-image size-full\"><img loading=\"lazy\" decoding=\"async\" width=\"740\" height=\"740\" src=\"https:\/\/www.chorale-aideo.fr\/wp-content\/uploads\/2026\/04\/fleurs-notes-musicales-aigu-dans-arriere-plan-generatif-_002.jpg\" alt=\"\" class=\"wp-image-5008\" srcset=\"https:\/\/www.chorale-aideo.fr\/wp-content\/uploads\/2026\/04\/fleurs-notes-musicales-aigu-dans-arriere-plan-generatif-_002.jpg 740w, https:\/\/www.chorale-aideo.fr\/wp-content\/uploads\/2026\/04\/fleurs-notes-musicales-aigu-dans-arriere-plan-generatif-_002-300x300.jpg 300w, https:\/\/www.chorale-aideo.fr\/wp-content\/uploads\/2026\/04\/fleurs-notes-musicales-aigu-dans-arriere-plan-generatif-_002-150x150.jpg 150w\" sizes=\"auto, (max-width: 740px) 100vw, 740px\" \/><\/figure>\n","protected":false},"excerpt":{"rendered":"<p>A\u00efdeo vous attend \u00e0 la f\u00eate de la musique 2026 ! A bient\u00f4t A\u00efdeo ? &#8220;le plaisir de chanter en ch\u0153ur&#8221; en fran\u00e7ais moderne Le ch\u0153ur A\u00efdeo est soutenu par la ville d&#8217;H\u00e9rouville Saint Clair<\/p>\n","protected":false},"author":1,"featured_media":0,"parent":0,"menu_order":0,"comment_status":"closed","ping_status":"closed","template":"","meta":{"footnotes":""},"class_list":["post-13","page","type-page","status-publish","hentry"],"_links":{"self":[{"href":"https:\/\/www.chorale-aideo.fr\/index.php\/wp-json\/wp\/v2\/pages\/13","targetHints":{"allow":["GET"]}}],"collection":[{"href":"https:\/\/www.chorale-aideo.fr\/index.php\/wp-json\/wp\/v2\/pages"}],"about":[{"href":"https:\/\/www.chorale-aideo.fr\/index.php\/wp-json\/wp\/v2\/types\/page"}],"author":[{"embeddable":true,"href":"https:\/\/www.chorale-aideo.fr\/index.php\/wp-json\/wp\/v2\/users\/1"}],"replies":[{"embeddable":true,"href":"https:\/\/www.chorale-aideo.fr\/index.php\/wp-json\/wp\/v2\/comments?post=13"}],"version-history":[{"count":95,"href":"https:\/\/www.chorale-aideo.fr\/index.php\/wp-json\/wp\/v2\/pages\/13\/revisions"}],"predecessor-version":[{"id":5009,"href":"https:\/\/www.chorale-aideo.fr\/index.php\/wp-json\/wp\/v2\/pages\/13\/revisions\/5009"}],"wp:attachment":[{"href":"https:\/\/www.chorale-aideo.fr\/index.php\/wp-json\/wp\/v2\/media?parent=13"}],"curies":[{"name":"wp","href":"https:\/\/api.w.org\/{rel}","templated":true}]}}